{"id":10,"date":"2026-02-13T13:38:27","date_gmt":"2026-02-13T12:38:27","guid":{"rendered":"https:\/\/edsinstytut.pl\/?page_id=10"},"modified":"2026-02-15T20:26:16","modified_gmt":"2026-02-15T19:26:16","slug":"elementor-strona-10","status":"publish","type":"page","link":"https:\/\/edsinstytut.pl\/?page_id=10","title":{"rendered":"O stowarzyszeniu"},"content":{"rendered":"\t\t<div data-elementor-type=\"wp-page\" data-elementor-id=\"10\" class=\"elementor elementor-10\">\n\t\t\t\t<div class=\"elementor-element elementor-element-f508107 e-con-full e-flex e-con e-parent\" data-id=\"f508107\" data-element_type=\"container\" data-e-type=\"container\">\n\t\t\t\t<div class=\"elementor-element elementor-element-70b0797 elementor-widget elementor-widget-heading\" data-id=\"70b0797\" data-element_type=\"widget\" data-e-type=\"widget\" data-widget_type=\"heading.default\">\n\t\t\t\t\t<h3 class=\"elementor-heading-title elementor-size-default\">Nasza wizja<\/h3>\t\t\t\t<\/div>\n\t\t\t\t<\/div>\n\t\t<div class=\"elementor-element elementor-element-79d1030 e-con-full e-flex e-con e-parent\" data-id=\"79d1030\" data-element_type=\"container\" data-e-type=\"container\">\n\t\t\t\t<div class=\"elementor-element elementor-element-2d8927b elementor-widget elementor-widget-text-editor\" data-id=\"2d8927b\" data-element_type=\"widget\" data-e-type=\"widget\" data-widget_type=\"text-editor.default\">\n\t\t\t\t\t\t\t\t\t<h4>Chcemy skuteczniej pomaga\u0107 osobom z zespo\u0142em Ehlersa-Danlosa i symptomatyczn\u0105 hipermobilno\u015bci\u0105 oraz szerzy\u0107 wiedz\u0119 na ten temat w\u015br\u00f3d innych specjalist\u00f3w. Osoby hipermobilne cz\u0119sto u lekarzy s\u0142ysz\u0105, \u017ce taka jest ich uroda, albo odsy\u0142ani s\u0105 do psychiatr\u00f3w, co jest ogromnym niezrozumieniem. Diagnostyka cz\u0119sto zajmuje kilka do kilkunastu lat! Istnieje wiele sposob\u00f3w na radzenie sobie z objawami, kt\u00f3re mog\u0105 znacznie poprawi\u0107 komfort \u017cycia. Chcemy aktywnie dzia\u0142a\u0107 na popraw\u0105 \u015bwiadomo\u015bci na temat schorzenia zar\u00f3wno w\u015br\u00f3d pacjent\u00f3w jak i terapeut\u00f3w czy lekarzy. Nasz\u0105 misj\u0105 jest szerzenie wiedzy o EDS oraz budowanie \u015brodowiska wzajemnego wsparcia i zrozumienia.<\/h4>\t\t\t\t\t\t\t\t<\/div>\n\t\t\t\t<\/div>\n\t\t<div class=\"elementor-element elementor-element-064d514 e-flex e-con-boxed e-con e-parent\" data-id=\"064d514\" data-element_type=\"container\" data-e-type=\"container\">\n\t\t\t\t\t<div class=\"e-con-inner\">\n\t\t\t\t<div class=\"elementor-element elementor-element-c69c43a elementor-widget elementor-widget-heading\" data-id=\"c69c43a\" data-element_type=\"widget\" data-e-type=\"widget\" data-widget_type=\"heading.default\">\n\t\t\t\t\t<h3 class=\"elementor-heading-title elementor-size-default\">Kim jeste\u015bmy?<\/h3>\t\t\t\t<\/div>\n\t\t\t\t\t<\/div>\n\t\t\t\t<\/div>\n\t\t<div class=\"elementor-element elementor-element-3ce2e02 e-flex e-con-boxed e-con e-parent\" data-id=\"3ce2e02\" data-element_type=\"container\" data-e-type=\"container\">\n\t\t\t\t\t<div class=\"e-con-inner\">\n\t\t\t\t<div class=\"elementor-element elementor-element-8bbda90 elementor-widget elementor-widget-text-editor\" data-id=\"8bbda90\" data-element_type=\"widget\" data-e-type=\"widget\" data-widget_type=\"text-editor.default\">\n\t\t\t\t\t\t\t\t\t<h4>\u00a0Rafa\u0142 Wysocki- tw\u00f3rca i za\u0142o\u017cyciel Kliniki Wysocki, wsp\u00f3\u0142za\u0142o\u017cyciel Instytutu Ehlersa Danlosa. Specjalista w zakresie osteopatii i fizjoterapii pracuj\u0105cy w Polsce i na \u015bwiecie. Zajmuj\u0119 si\u0119 trudnymi przypadkami oraz prac\u0105 przy projektach specjalnych, jak wsp\u00f3\u0142praca z Instytutem Jazdy Konnej, orkiestr\u0105 Aukso czy zespo\u0142em filharmonii. Ma wieloletnie do\u015bwiadczenie, dzi\u0119ki ktoremu skutecznie pomaga pacjentom z zespo\u0142em Ehlersa-Danlosa (EDS). Opracowa\u0142 autorsk\u0105 metod\u0119 \u0107wicze\u0144 neurorozwojowych NDT Wysocki, opart\u0105 na zasadach neuroplastyczno\u015bci i reedukacji motorycznej. Metoda ta wspiera osoby z hipermobilno\u015bci\u0105 w budowaniu nowych, prawid\u0142owych wzorc\u00f3w ruchowych, co prowadzi do poprawy czucia cia\u0142a (propriocepcji) oraz regulacji uk\u0142adu autonomicznego \u2013 poprzez obni\u017cenie nadaktywno\u015bci cz\u0119\u015bci wsp\u00f3\u0142czulnej i wzrost og\u00f3lnego poczucia spokoju i stabilno\u015bci.<br \/>Kinga Talaga- fizjoterapeutka oraz pacjentka z zespo\u0142em Ehlersa-Danlosa. To po\u0142\u0105czenie do\u015bwiadczenia zawodowego i osobistego sprawia, \u017ce dobrze rozumie potrzeby os\u00f3b zmagaj\u0105cych si\u0119 z t\u0105 chorob\u0105 \u2013 zar\u00f3wno od strony medycznej, jak i emocjonalnej. Jej w\u0142asna droga diagnostyczna by\u0142a d\u0142uga i pe\u0142na wyzwa\u0144, z czasem nauczy\u0142a si\u0119 skutecznie zarz\u0105dza\u0107 swoimi dolegliwo\u015bciami, znacz\u0105co poprawiaj\u0105c komfort \u017cycia. Dzi\u015b, jako wsp\u00f3\u0142za\u0142o\u017cycielka Stowarzyszenia, pragnie wykorzysta\u0107 swoje do\u015bwiadczenie, by edukowa\u0107, wspiera\u0107 i pomaga\u0107 innym pacjentom w zrozumieniu i lepszym funkcjonowaniu z zespo\u0142em Ehlersa-Danlosa.<\/h4><h5>\u00a0<\/h5>\t\t\t\t\t\t\t\t<\/div>\n\t\t\t\t\t<\/div>\n\t\t\t\t<\/div>\n\t\t<div class=\"elementor-element elementor-element-f90e5e4 e-flex e-con-boxed e-con e-parent\" data-id=\"f90e5e4\" data-element_type=\"container\" data-e-type=\"container\">\n\t\t\t\t\t<div class=\"e-con-inner\">\n\t\t\t\t<div class=\"elementor-element elementor-element-be2a25a elementor-widget elementor-widget-heading\" data-id=\"be2a25a\" data-element_type=\"widget\" data-e-type=\"widget\" data-widget_type=\"heading.default\">\n\t\t\t\t\t<h3 class=\"elementor-heading-title elementor-size-default\">Dlaczego zebra?<\/h3>\t\t\t\t<\/div>\n\t\t\t\t\t<\/div>\n\t\t\t\t<\/div>\n\t\t<div class=\"elementor-element elementor-element-2484837 e-flex e-con-boxed e-con e-parent\" data-id=\"2484837\" data-element_type=\"container\" data-e-type=\"container\">\n\t\t\t\t\t<div class=\"e-con-inner\">\n\t\t\t\t<div class=\"elementor-element elementor-element-40d563e elementor-widget elementor-widget-text-editor\" data-id=\"40d563e\" data-element_type=\"widget\" data-e-type=\"widget\" data-widget_type=\"text-editor.default\">\n\t\t\t\t\t\t\t\t\t<h4>Widz\u0105c zebry my\u015blisz, \u017ce s\u0105 takie same- jednak podobnie jak z ka\u017cdym chorym na EDS\/HSD, ka\u017cda zebra ma inaczej u\u0142o\u017cone paski. Jedna diagnoza, ale ca\u0142e spektrum objaw\u00f3w, kt\u00f3re mog\u0105 dotyka\u0107 w r\u00f3\u017cnym stopniu.<br \/>Gdy s\u0142yszysz t\u0119tent kopyt, my\u015bl o koniach nie o zebrach- medycy uczeni s\u0105 w taki spos\u00f3b, \u017ceby my\u015ble\u0107 o najcz\u0119stszych przyczynach objaw\u00f3w, nie o rzadkich chorobach.<\/h4><h4>Ale czy EDS jest chorob\u0105 rzadk\u0105?<br \/>I tak i nie. hEDS czyli posta\u0107 hipermobilna najprawdopodobniej nie jest rzadka, tak jak inne zaburzenia na spektrum hipermobilno\u015bci. To widzimy w gabinetach, jednak opracowania i badania mog\u0105 m\u00f3wi\u0107 inaczej. Reszta z postaci EDS rzeczywi\u015bcie to bardzo rzadkie choroby genetyczne.<\/h4>\t\t\t\t\t\t\t\t<\/div>\n\t\t\t\t\t<\/div>\n\t\t\t\t<\/div>\n\t\t<div class=\"elementor-element elementor-element-d6711b7 e-flex e-con-boxed e-con e-parent\" data-id=\"d6711b7\" data-element_type=\"container\" data-e-type=\"container\">\n\t\t\t\t\t<div class=\"e-con-inner\">\n\t\t\t\t<div class=\"elementor-element elementor-element-8adbb97 elementor-widget elementor-widget-image\" data-id=\"8adbb97\" data-element_type=\"widget\" data-e-type=\"widget\" data-widget_type=\"image.default\">\n\t\t\t\t\t\t\t\t\t\t\t\t\t\t\t<img fetchpriority=\"high\" decoding=\"async\" width=\"1024\" height=\"938\" src=\"https:\/\/edsinstytut.pl\/wp-content\/uploads\/2026\/02\/eds-2-1.jpg\" class=\"attachment-large size-large wp-image-113\" alt=\"\" srcset=\"https:\/\/edsinstytut.pl\/wp-content\/uploads\/2026\/02\/eds-2-1.jpg 1024w, https:\/\/edsinstytut.pl\/wp-content\/uploads\/2026\/02\/eds-2-1-300x275.jpg 300w, https:\/\/edsinstytut.pl\/wp-content\/uploads\/2026\/02\/eds-2-1-768x704.jpg 768w\" sizes=\"(max-width: 1024px) 100vw, 1024px\" \/>\t\t\t\t\t\t\t\t\t\t\t\t\t\t\t<\/div>\n\t\t\t\t\t<\/div>\n\t\t\t\t<\/div>\n\t\t<div class=\"elementor-element elementor-element-cec5c3e e-flex e-con-boxed e-con e-parent\" data-id=\"cec5c3e\" data-element_type=\"container\" data-e-type=\"container\">\n\t\t\t\t\t<div class=\"e-con-inner\">\n\t\t\t\t\t<\/div>\n\t\t\t\t<\/div>\n\t\t\t\t<\/div>\n\t\t","protected":false},"excerpt":{"rendered":"<p>Nasza wizja Chcemy skuteczniej pomaga\u0107 osobom z zespo\u0142em Ehlersa-Danlosa i symptomatyczn\u0105 hipermobilno\u015bci\u0105 oraz szerzy\u0107 wiedz\u0119 na ten temat w\u015br\u00f3d innych specjalist\u00f3w. Osoby hipermobilne cz\u0119sto u lekarzy s\u0142ysz\u0105, \u017ce taka jest ich uroda, albo odsy\u0142ani s\u0105 do psychiatr\u00f3w, co jest ogromnym niezrozumieniem. Diagnostyka cz\u0119sto zajmuje kilka do kilkunastu lat! Istnieje wiele sposob\u00f3w na radzenie sobie z [&hellip;]<\/p>\n","protected":false},"author":1,"featured_media":0,"parent":0,"menu_order":0,"comment_status":"closed","ping_status":"closed","template":"","meta":{"footnotes":""},"class_list":["post-10","page","type-page","status-publish","hentry"],"_links":{"self":[{"href":"https:\/\/edsinstytut.pl\/index.php?rest_route=\/wp\/v2\/pages\/10","targetHints":{"allow":["GET"]}}],"collection":[{"href":"https:\/\/edsinstytut.pl\/index.php?rest_route=\/wp\/v2\/pages"}],"about":[{"href":"https:\/\/edsinstytut.pl\/index.php?rest_route=\/wp\/v2\/types\/page"}],"author":[{"embeddable":true,"href":"https:\/\/edsinstytut.pl\/index.php?rest_route=\/wp\/v2\/users\/1"}],"replies":[{"embeddable":true,"href":"https:\/\/edsinstytut.pl\/index.php?rest_route=%2Fwp%2Fv2%2Fcomments&post=10"}],"version-history":[{"count":30,"href":"https:\/\/edsinstytut.pl\/index.php?rest_route=\/wp\/v2\/pages\/10\/revisions"}],"predecessor-version":[{"id":206,"href":"https:\/\/edsinstytut.pl\/index.php?rest_route=\/wp\/v2\/pages\/10\/revisions\/206"}],"wp:attachment":[{"href":"https:\/\/edsinstytut.pl\/index.php?rest_route=%2Fwp%2Fv2%2Fmedia&parent=10"}],"curies":[{"name":"wp","href":"https:\/\/api.w.org\/{rel}","templated":true}]}}