{"id":26,"date":"2026-02-13T13:50:24","date_gmt":"2026-02-13T12:50:24","guid":{"rendered":"https:\/\/edsinstytut.pl\/?page_id=26"},"modified":"2026-02-15T20:56:20","modified_gmt":"2026-02-15T19:56:20","slug":"o-stowarzyszeniu-copy","status":"publish","type":"page","link":"https:\/\/edsinstytut.pl\/?page_id=26","title":{"rendered":"O Zespole Ehlersa-Danlosa"},"content":{"rendered":"\t\t<div data-elementor-type=\"wp-page\" data-elementor-id=\"26\" class=\"elementor elementor-26\">\n\t\t\t\t<div class=\"elementor-element elementor-element-713ff58 e-flex e-con-boxed e-con e-parent\" data-id=\"713ff58\" data-element_type=\"container\" data-e-type=\"container\">\n\t\t\t\t\t<div class=\"e-con-inner\">\n\t\t\t\t\t<\/div>\n\t\t\t\t<\/div>\n\t\t<div class=\"elementor-element elementor-element-79d1030 e-flex e-con-boxed e-con e-parent\" data-id=\"79d1030\" data-element_type=\"container\" data-e-type=\"container\">\n\t\t\t\t\t<div class=\"e-con-inner\">\n\t\t\t\t<div class=\"elementor-element elementor-element-2d8927b elementor-widget elementor-widget-text-editor\" data-id=\"2d8927b\" data-element_type=\"widget\" data-e-type=\"widget\" data-widget_type=\"text-editor.default\">\n\t\t\t\t\t\t\t\t\t<h4>Zesp\u00f3\u0142 Ehlersa-Danlosa to grupa<br \/>genetycznych zaburze\u0144 tkanki \u0142\u0105cznej. Wyr\u00f3\u017cniamy 13 sklasyfikowanych podtyp\u00f3w z<br \/>czego ka\u017cdy ma swoje charakterystyczne objawy. Spo\u015br\u00f3d nich jednak mo\u017cna<br \/>wyr\u00f3\u017cni\u0107 kilka wsp\u00f3lnych cech dla wszystkich typ\u00f3w tj. hipermobilno\u015b\u0107 staw\u00f3w,<br \/>rozci\u0105gliwa, mi\u0119kka sk\u00f3ra sk\u0142onna do siniak\u00f3w.<\/h4><h4>\u00a0<\/h4><h4>Najcz\u0119\u015bciej spotykanym typem jest hipermobilny EDS. Zar\u00f3wno ten typ jak i inne zaburzenia na spektrum<br \/>hipermobilno\u015bci (HSD czyli hypermobile spectrum disorders) mog\u0105 tworzy\u0107 bardzo<br \/>zr\u00f3\u017cnicowany obraz schorzenia. R\u00f3\u017cni ludzie z t\u0105 sam\u0105 diagnoz\u0105 mog\u0105 do\u015bwiadcza\u0107<br \/>wielu r\u00f3\u017cnych objaw\u00f3w. Wynika to z faktu, \u017ce w tych zaburzeniach dysfunkcj\u0105<br \/>dotkni\u0119ta jest tkanka \u0142\u0105czna, a ona z kolei wyst\u0119puje w ca\u0142ym ciele i pe\u0142ni<br \/>zr\u00f3\u017cnicowane funkcje- strukturalne, stabilizacyjne, podporowe i przenosz\u0105ce<br \/>obci\u0105\u017cenia w wi\u0119zad\u0142ach, powi\u0119zi, \u015bci\u0119gnach. Zapewnia komunikacje i regulacje &#8211;<br \/>t\u0142uszcz, krew, naczynia.<\/h4><h4><b>\u00a0<\/b><\/h4>\t\t\t\t\t\t\t\t<\/div>\n\t\t\t\t\t<\/div>\n\t\t\t\t<\/div>\n\t\t<div class=\"elementor-element elementor-element-f90e5e4 e-flex e-con-boxed e-con e-parent\" data-id=\"f90e5e4\" data-element_type=\"container\" data-e-type=\"container\">\n\t\t\t\t\t<div class=\"e-con-inner\">\n\t\t\t\t\t<\/div>\n\t\t\t\t<\/div>\n\t\t<div class=\"elementor-element elementor-element-d27aad9 e-flex e-con-boxed e-con e-parent\" data-id=\"d27aad9\" data-element_type=\"container\" data-e-type=\"container\">\n\t\t\t\t\t<div class=\"e-con-inner\">\n\t\t\t\t\t<\/div>\n\t\t\t\t<\/div>\n\t\t\t\t<\/div>\n\t\t","protected":false},"excerpt":{"rendered":"<p>Zesp\u00f3\u0142 Ehlersa-Danlosa to grupagenetycznych zaburze\u0144 tkanki \u0142\u0105cznej. Wyr\u00f3\u017cniamy 13 sklasyfikowanych podtyp\u00f3w zczego ka\u017cdy ma swoje charakterystyczne objawy. Spo\u015br\u00f3d nich jednak mo\u017cnawyr\u00f3\u017cni\u0107 kilka wsp\u00f3lnych cech dla wszystkich typ\u00f3w tj. hipermobilno\u015b\u0107 staw\u00f3w,rozci\u0105gliwa, mi\u0119kka sk\u00f3ra sk\u0142onna do siniak\u00f3w. \u00a0 Najcz\u0119\u015bciej spotykanym typem jest hipermobilny EDS. Zar\u00f3wno ten typ jak i inne zaburzenia na spektrumhipermobilno\u015bci (HSD czyli hypermobile spectrum [&hellip;]<\/p>\n","protected":false},"author":1,"featured_media":0,"parent":0,"menu_order":0,"comment_status":"closed","ping_status":"closed","template":"","meta":{"footnotes":""},"class_list":["post-26","page","type-page","status-publish","hentry"],"_links":{"self":[{"href":"https:\/\/edsinstytut.pl\/index.php?rest_route=\/wp\/v2\/pages\/26","targetHints":{"allow":["GET"]}}],"collection":[{"href":"https:\/\/edsinstytut.pl\/index.php?rest_route=\/wp\/v2\/pages"}],"about":[{"href":"https:\/\/edsinstytut.pl\/index.php?rest_route=\/wp\/v2\/types\/page"}],"author":[{"embeddable":true,"href":"https:\/\/edsinstytut.pl\/index.php?rest_route=\/wp\/v2\/users\/1"}],"replies":[{"embeddable":true,"href":"https:\/\/edsinstytut.pl\/index.php?rest_route=%2Fwp%2Fv2%2Fcomments&post=26"}],"version-history":[{"count":25,"href":"https:\/\/edsinstytut.pl\/index.php?rest_route=\/wp\/v2\/pages\/26\/revisions"}],"predecessor-version":[{"id":251,"href":"https:\/\/edsinstytut.pl\/index.php?rest_route=\/wp\/v2\/pages\/26\/revisions\/251"}],"wp:attachment":[{"href":"https:\/\/edsinstytut.pl\/index.php?rest_route=%2Fwp%2Fv2%2Fmedia&parent=26"}],"curies":[{"name":"wp","href":"https:\/\/api.w.org\/{rel}","templated":true}]}}